{"id":5919,"date":"2018-11-30T17:02:42","date_gmt":"2018-11-30T22:02:42","guid":{"rendered":"https:\/\/alpha.pewresearch.org\/pewresearch-org\/?p=5919"},"modified":"2024-09-11T12:31:50","modified_gmt":"2024-09-11T16:31:50","slug":"faktablad-attityder-kring-nyhetsmedia-och-politik-i-sverige","status":"publish","type":"fact-sheet","link":"https:\/\/alpha.pewresearch.org\/pewresearch-org\/global\/fact-sheet\/faktablad-attityder-kring-nyhetsmedia-och-politik-i-sverige\/","title":{"rendered":"Faktablad: Attityder kring nyhetsmedia och politik i Sverige"},"content":{"rendered":"\n<p class=\"wp-block-paragraph\"><a href=\"https:\/\/alpha.pewresearch.org\/pewresearch-org\/global\/fact-sheet\/news-media-and-political-attitudes-in-sweden\/\">engelska\/English<\/a><\/p>\n\n\n\n<div style=\"height:15px\" aria-hidden=\"true\" class=\"wp-block-spacer\"><\/div>\n\n\n\n<p class=\"wp-block-paragraph\">H\u00e4r nedan presenteras specifika slutsatser om nyhetsvanor och inst\u00e4llningar till nyhetsmedia i Sverige. Resultatet kommer fr\u00e5n en unders\u00f6kning av Pew Research Center om nyhetsmedia och politik som genomf\u00f6rdes i \u00e5tta v\u00e4steuropeiska l\u00e4nder mellan den 30 oktober och den 20 december 2017. Unders\u00f6kningen omfattade fem l\u00e4nder i norra Europa (Danmark, Tyskland, Nederl\u00e4nderna, Sverige och Storbritannien) och tre i s\u00f6dra Europa (Frankrike, Italien och Spanien).<\/p>\n\n\n\n<h2 data-is-section=\"true\" data-wp-context=\"{&quot;id&quot;:&quot;asikter-om-nyhetsmedia-i-sverige&quot;}\" data-wp-interactive=\"{&quot;namespace&quot;:&quot;prc-block\\\/table-of-contents&quot;}\" class=\"wp-block-heading\" id=\"asikter-om-nyhetsmedia-i-sverige\">\u00c5sikter om nyhetsmedia i Sverige<\/h2>\n\n\n\n<p class=\"wp-block-paragraph\">Synen p\u00e5 nyhetsmedias betydelse och f\u00f6rtroendet f\u00f6r dem varierar stort mellan de olika l\u00e4nderna. Vuxna i l\u00e4nder i norra Europa, exempelvis Sverige och Tyskland, \u00e4r i allm\u00e4nhet mer ben\u00e4gna att uppge att nyhetsmedia \u00e4r mycket viktigt och att de litar p\u00e5 nyhetsmedia, medan deltagarna i Frankrike och Italien \u00e4r minst ben\u00e4gna att s\u00e4ga s\u00e5.<\/p>\n\n\n\n<p class=\"wp-block-paragraph\">I Sverige anser en majoritet av vuxna (61 %) att nyhetsmedia \u00e4r mycket viktigt f\u00f6r samh\u00e4llet. Ungef\u00e4r samma andel (64 %) uppger att de litar p\u00e5 nyhetsmedia. H\u00e4r ing\u00e5r 12 % som uppger att de litar mycket p\u00e5 nyhetsmedia.<\/p>\n\n\n\n<figure class=\"wp-block-image aligncenter\"><img data-dominant-color=\"ebeced\" data-has-transparency=\"false\" style=\"--dominant-color: #ebeced;\" decoding=\"async\" sizes=\"(max-width: 187px) 100vw, 187px\" src=\"https:\/\/alpha.pewresearch.org\/pewresearch-org\/global\/wp-content\/uploads\/sites\/2\/2018\/11\/PJ_18.04.16_MediaPolitics_FactSheet_TrustImportance_Sweden_translated.png\" alt=\"Ungef\u00e4r sex av tio vuxna svenskar anser att nyhetsmedia \u00e4r mycket viktigt, och ungef\u00e4r samma andel litar p\u00e5 dem\" class=\"wp-image-43022 not-transparent\"\/><\/figure>\n\n\n\n<p class=\"wp-block-paragraph\"><\/p>\n\n\n\n<p class=\"wp-block-paragraph\">I de flesta deltagande l\u00e4nder \u00e4r personer som har populistiska \u00e5sikter mindre ben\u00e4gna att uppge att nyhetsmedia \u00e4r viktiga och att lita p\u00e5 nyhetsmedia \u00e4n dem som inte har populistiska \u00e5sikter. I allm\u00e4nhet \u00e4r skillnaderna i inst\u00e4llning till nyhetsmedia sm\u00e5 d\u00e5 man j\u00e4mf\u00f6r personer till v\u00e4nster p\u00e5 den politiska skalan med personer till h\u00f6ger.<\/p>\n\n\n\n<p class=\"wp-block-paragraph\">Den populistiska uppdelningen i inst\u00e4llning till media \u00e4r stor \u00e4ven i Sverige: 49 % av personer med populistiska \u00e5sikter uppger att nyhetsmedia \u00e4r mycket viktiga f\u00f6r samh\u00e4llet i Sverige, j\u00e4mf\u00f6rt med 71 % av dem som inte har populistiska \u00e5sikter. N\u00e4r det g\u00e4ller f\u00f6rtroende uppger 49 % av dem som har populistiska \u00e5sikter att de litar p\u00e5 nyhetsmedia, j\u00e4mf\u00f6rt med 74 % av dem som inte har populistiska \u00e5sikter.<\/p>\n\n\n\n<figure class=\"wp-block-image aligncenter\"><img data-dominant-color=\"eeeeef\" data-has-transparency=\"false\" style=\"--dominant-color: #eeeeef;\" decoding=\"async\" sizes=\"(max-width: 292px) 100vw, 292px\" src=\"https:\/\/alpha.pewresearch.org\/pewresearch-org\/global\/wp-content\/uploads\/sites\/2\/2018\/11\/PJ_18.04.16_MediaPolitics_FactSheet_ImportTrustByPopAndIdeol_Sweden_translated.png\" alt=\"Uppdelning i Sverige mellan dem med och utan populistiska \u00e5sikter vad g\u00e4ller inst\u00e4llning till nyhetsmedia\" class=\"wp-image-43003 not-transparent\"\/><\/figure>\n\n\n\n<p class=\"wp-block-paragraph\"><\/p>\n\n\n\n<h2 data-is-section=\"true\" data-wp-context=\"{&quot;id&quot;:&quot;primara-nyhetskallor-i-sverige&quot;}\" data-wp-interactive=\"{&quot;namespace&quot;:&quot;prc-block\\\/table-of-contents&quot;}\" class=\"wp-block-heading\" id=\"primara-nyhetskallor-i-sverige\">Prim\u00e4ra nyhetsk\u00e4llor i Sverige<\/h2>\n\n\n\n<p class=\"wp-block-paragraph\">N\u00e4r det g\u00e4ller vilka nyhetsk\u00e4llor som deltagarna uppger att de oftast v\u00e4nder sig till \u00e4r uppdelningen mellan vuxna med och utan populistiska \u00e5sikter inte lika tydlig som uppdelningen vad g\u00e4ller nyhetsmedia mer allm\u00e4nt. I l\u00e4nderna i s\u00f6dra Europa \u00e4r uppdelningen vad g\u00e4ller prim\u00e4r nyhetsk\u00e4lla i regel st\u00f6rre mellan personer till v\u00e4nster p\u00e5 den politiska skalan och personer till h\u00f6ger, \u00e4n mellan dem med och utan populistiska \u00e5sikter.<\/p>\n\n\n\n<p class=\"wp-block-paragraph\">I Sverige \u00e4r personer p\u00e5 b\u00e5da sidor p\u00e5 v\u00e4nster\u2013h\u00f6ger-skalan mest ben\u00e4gna att uppge Sveriges Television\/Sveriges Radio (SVT\/SR) som prim\u00e4r k\u00e4lla, f\u00f6ljt av Aftonbladet.<\/p>\n\n\n\n<figure class=\"wp-block-image aligncenter\"><img data-dominant-color=\"ddd8ce\" data-has-transparency=\"false\" style=\"--dominant-color: #ddd8ce;\" decoding=\"async\" sizes=\"(max-width: 293px) 100vw, 293px\" src=\"https:\/\/alpha.pewresearch.org\/pewresearch-org\/global\/wp-content\/uploads\/sites\/2\/2018\/11\/PJ_18.04.16_MediaPolitics_FactSheet_MainSourceByIdeology_Sweden_translated.png\" alt=\"Svenskar p\u00e5 hela den politiska skalan har generellt sett samma prim\u00e4ra nyhetsk\u00e4lla\" class=\"wp-image-43010 not-transparent\"\/><\/figure>\n\n\n\n<p class=\"wp-block-paragraph\"><\/p>\n\n\n\n<h2 data-is-section=\"true\" data-wp-context=\"{&quot;id&quot;:&quot;anvandarnas-placering-av-kanalernas-ideologier-till-hoger-och-till-vanster&quot;}\" data-wp-interactive=\"{&quot;namespace&quot;:&quot;prc-block\\\/table-of-contents&quot;}\" class=\"wp-block-heading\" id=\"anvandarnas-placering-av-kanalernas-ideologier-till-hoger-och-till-vanster\">Anv\u00e4ndarnas placering av kanalernas ideologier, till h\u00f6ger och till v\u00e4nster<\/h2>\n\n\n\n<p class=\"wp-block-paragraph\">F\u00f6r m\u00e5nga av nyhetskanalerna i de \u00e5tta l\u00e4nderna \u00e4r personer som anv\u00e4nder en kanal f\u00f6r att f\u00e5 tillg\u00e5ng till nyheter mer ben\u00e4gna att uppfatta att kanalen i fr\u00e5ga ligger n\u00e4rmare deras egen position p\u00e5 v\u00e4nster\u2013h\u00f6ger-skalan. I Sverige st\u00e4mmer detta in p\u00e5 en av kanalerna: SVT. Nyhetsanv\u00e4ndare till h\u00f6ger placerar den h\u00e4r kanalen n\u00e4rmare sin egen ideologi. F\u00f6r fyra nyhetskanaler \u2013 TV4, Aftonbladet, Dagens Nyheter (DN) och Svenska Dagbladet (SvD) \u2013 \u00e4r nyhetsanv\u00e4ndarna till h\u00f6ger och v\u00e4nster \u00f6verens om placeringen p\u00e5 v\u00e4nster\u2013h\u00f6ger-skalan. En kanal i Sverige, Expressen, f\u00f6ljer ett unikt m\u00f6nster: anv\u00e4ndare till h\u00f6ger \u00e4r mer ben\u00e4gna att placera den till v\u00e4nster j\u00e4mf\u00f6rt med anv\u00e4ndare till v\u00e4nster. Flashback och Nya Tider ing\u00e5r inte i den h\u00e4r analysen, eftersom urvalet av h\u00f6ger- och v\u00e4nsteranv\u00e4ndare inte var tillr\u00e4ckligt stort f\u00f6r analys.<\/p>\n\n\n\n<figure class=\"wp-block-image aligncenter\"><img data-dominant-color=\"eff0f0\" data-has-transparency=\"false\" style=\"--dominant-color: #eff0f0;\" decoding=\"async\" sizes=\"(max-width: 290px) 100vw, 290px\" src=\"https:\/\/alpha.pewresearch.org\/pewresearch-org\/global\/wp-content\/uploads\/sites\/2\/2018\/11\/PJ_18.04.16_MediaPolitics_FactSheet_Mountains_Sweden_translated.png\" alt=\"Ideologisk placering av nyhetsk\u00e4llor i Sverige\" class=\"wp-image-43053 not-transparent\"\/><\/figure>\n\n\n\n<p class=\"wp-block-paragraph\"><\/p>\n\n\n\n<p class=\"wp-block-paragraph\">Allm\u00e4nhetens placering av en kanal skiljer sig i allm\u00e4nhet fr\u00e5n var kanalens genomsnittliga publik faktiskt \u00e4r placerad p\u00e5 den politiska skalan. F\u00f6r var och en av de nyhetskanaler som ingick i unders\u00f6kningen tenderar den genomsnittliga publiken (baserat p\u00e5 sj\u00e4lvrapporterad anv\u00e4ndning) att hamna n\u00e4ra den politiska mitten. Personer som har h\u00f6rt talas om respektive kanal tenderar dock att placera den antingen l\u00e4ngre \u00e5t v\u00e4nster eller l\u00e4ngre \u00e5t h\u00f6ger \u00e4n kanalens faktiska ideologiska position p\u00e5 skalan.<\/p>\n\n\n\n<p class=\"wp-block-paragraph\">I Sverige f\u00f6ljs det h\u00e4r m\u00f6nstret av de flesta studerade kanaler. Medan kanalens nyhetspublik befinner sig n\u00e4ra mitten \u00e4r de som har h\u00f6rt talas om kanalen i m\u00e5nga fall ben\u00e4gna att se den som n\u00e5got mer till h\u00f6ger eller till v\u00e4nster. Svenska Dagbladet har t.ex. en publik som befinner sig ungef\u00e4r i mitten p\u00e5 v\u00e4nster\u2013h\u00f6ger-skalan (3,5 p\u00e5 skalan fr\u00e5n 0 till 6), men n\u00e4r deltagarna ombeds att placera kanalen p\u00e5 samma v\u00e4nster\u2013h\u00f6ger-skala placeras den l\u00e4ngre till h\u00f6ger av dem som h\u00f6rt talas om SvD (4,1).<\/p>\n\n\n\n<figure class=\"wp-block-image aligncenter\"><img data-dominant-color=\"f3f3f2\" data-has-transparency=\"false\" style=\"--dominant-color: #f3f3f2;\" decoding=\"async\" sizes=\"(max-width: 292px) 100vw, 292px\" src=\"https:\/\/alpha.pewresearch.org\/pewresearch-org\/global\/wp-content\/uploads\/sites\/2\/2018\/11\/PJ_18.04.16_MediaPolitics_FactSheet_MeanOutletPlacement_Sweden_translated.png\" alt=\"Svenskar \u00e4r ben\u00e4gna att tro att nyhetsk\u00e4llor i Sverige \u00e4r mer politiska \u00e4n vad deras genomsnittliga publik faktiskt \u00e4r\" class=\"wp-image-43017 not-transparent\"\/><\/figure>\n\n\n\n<p class=\"wp-block-paragraph\"><\/p>\n\n\n\n<h2 data-is-section=\"true\" data-wp-context=\"{&quot;id&quot;:&quot;fortroende-for-nyhetskanaler&quot;}\" data-wp-interactive=\"{&quot;namespace&quot;:&quot;prc-block\\\/table-of-contents&quot;}\" class=\"wp-block-heading\" id=\"fortroende-for-nyhetskanaler\">F\u00f6rtroende f\u00f6r nyhetskanaler<\/h2>\n\n\n\n<p class=\"wp-block-paragraph\">I sju av de \u00e5tta l\u00e4nderna \u00e4r respektive lands offentliga nyhetsorganisation den mest betrodda av de nyhetskanaler som ingick i unders\u00f6kningen. I Sverige uppger en stor majoritet (90 %) att de litar p\u00e5 public service-bolaget SVT, f\u00f6ljt av 81 % som uppger att de litar p\u00e5 den privata tv-kanalen TV4.<\/p>\n\n\n\n<figure class=\"wp-block-image aligncenter\"><img data-dominant-color=\"eeeeef\" data-has-transparency=\"false\" style=\"--dominant-color: #eeeeef;\" decoding=\"async\" sizes=\"(max-width: 291px) 100vw, 291px\" src=\"https:\/\/alpha.pewresearch.org\/pewresearch-org\/global\/wp-content\/uploads\/sites\/2\/2018\/11\/PJ_18.04.16_MediaPolitics_FactSheet_OutletTrust_Sweden-translated.png\" alt=\"I Sverige litar en stor majoritet p\u00e5 den offentliga nyhetsorganisationen\" class=\"wp-image-43032 not-transparent\"\/><\/figure>\n\n\n\n<p class=\"wp-block-paragraph\"><\/p>\n\n\n\n<p class=\"wp-block-paragraph\">I linje med f\u00f6rtroendet f\u00f6r nyhetsmedia generellt, varierar f\u00f6rtroendet f\u00f6r specifika kanaler beroende p\u00e5 populistiska \u00e5sikter \u2013 de som har populistiska \u00e5sikter uttrycker l\u00e4gre f\u00f6rtroende \u00e4n dem som inte har det.<\/p>\n\n\n\n<p class=\"wp-block-paragraph\">I Sverige st\u00e5r populistiska \u00e5sikter i samband med f\u00f6rtroende f\u00f6r de flesta studerade kanaler, men v\u00e4nster\u2013h\u00f6ger-skalan \u00e4r inte en avg\u00f6rande drivkraft. Exempelvis \u00e4r de som har populistiska \u00e5sikter 26 procentenheter mindre ben\u00e4gna \u00e4n dem som inte har populistiska \u00e5sikter att uppge att de litar p\u00e5 Dagens Nyheter. N\u00e4r det g\u00e4ller skillnader mellan v\u00e4nster\u2013h\u00f6ger-ideologier kan en uppdelning ses f\u00f6r endast tre kanaler (SVT, Aftonbladet och Nya Tider) och den \u00e4r i allm\u00e4nhet mindre \u00e4n uppdelningen baserad p\u00e5 populistiska \u00e5sikter.<\/p>\n\n\n\n<figure class=\"wp-block-image aligncenter\"><img data-dominant-color=\"efeff0\" data-has-transparency=\"false\" style=\"--dominant-color: #efeff0;\" decoding=\"async\" sizes=\"(max-width: 292px) 100vw, 292px\" src=\"https:\/\/alpha.pewresearch.org\/pewresearch-org\/global\/wp-content\/uploads\/sites\/2\/2018\/11\/PJ_18.04.16_MediaPolitics_FactSheet_OutletTrustByPopAndIdeol_Sweden-translated.png\" alt=\"I Sverige litar personer med populistiska \u00e5sikter mindre p\u00e5 nyhetskanaler \u00e4n dem utan s\u00e5dana \u00e5sikter\" class=\"wp-image-43039 not-transparent\"\/><\/figure>\n\n\n\n<p class=\"wp-block-paragraph\"><\/p>\n\n\n\n<h2 data-is-section=\"true\" data-wp-context=\"{&quot;id&quot;:&quot;anvandning-av-och-asikter-om-sociala-medier&quot;}\" data-wp-interactive=\"{&quot;namespace&quot;:&quot;prc-block\\\/table-of-contents&quot;}\" class=\"wp-block-heading\" id=\"anvandning-av-och-asikter-om-sociala-medier\">Anv\u00e4ndning av och \u00e5sikter om sociala medier<\/h2>\n\n\n\n<p class=\"wp-block-paragraph\">M\u00e5nga i V\u00e4steuropa f\u00e5r tillg\u00e5ng till nyheter via sociala medier, med Facebook som den mest anv\u00e4nda plattformen f\u00f6r nyheter.<\/p>\n\n\n\n<p class=\"wp-block-paragraph\">En majoritet av vuxna i Sverige (62 %) f\u00e5r tillg\u00e5ng till nyheter via sociala medier, inklusive de 44 % som f\u00e5r tillg\u00e5ng till nyheter via sociala medier varje dag. Facebook \u00e4r det mest anv\u00e4nda sociala n\u00e4tverket f\u00f6r nyheter: 63 % av konsumenter av nyheter via sociala medier anv\u00e4nder det oftast. I Sverige \u00e4r unga (mellan 18 och 29 \u00e5r) mer ben\u00e4gna att f\u00e5 tillg\u00e5ng till nyheter via sociala medier varje dag \u00e4n dem som \u00e4r 50 \u00e5r eller \u00e4ldre (68 % j\u00e4mf\u00f6rt med 31 %).<\/p>\n\n\n\n<figure class=\"wp-block-image aligncenter\"><img data-dominant-color=\"eeeff0\" data-has-transparency=\"false\" style=\"--dominant-color: #eeeff0;\" decoding=\"async\" sizes=\"(max-width: 290px) 100vw, 290px\" src=\"https:\/\/alpha.pewresearch.org\/pewresearch-org\/global\/wp-content\/uploads\/sites\/2\/2018\/11\/PJ_18.04.16_MediaPolitics_FactSheet_SocialMediaUsage_Sweden-translated.png\" alt=\"En majoritet av svenskarna f\u00e5r tillg\u00e5ng till nyheter via sociala medier, fr\u00e4mst Facebook\" class=\"wp-image-43046 not-transparent\"\/><\/figure>\n\n\n\n<p class=\"wp-block-paragraph\"><\/p>\n\n\n\n<p class=\"wp-block-paragraph\">Ungef\u00e4r h\u00e4lften eller fler av konsumenterna av nyheter via sociala medier uppger att de k\u00e4nner till de k\u00e4llor de ser i sociala medier. En stor minoritet uppger dock att de i regel inte \u00e4r uppm\u00e4rksamma p\u00e5 k\u00e4llan till de nyheter de ser d\u00e4r.<\/p>\n\n\n\n<p class=\"wp-block-paragraph\">Konsumenter av nyheter via sociala medier i Sverige liknar andra v\u00e4steurop\u00e9er \u2013 65 % k\u00e4nner till de nyhetsk\u00e4llor de hittar i sociala medier, medan 16 % inte \u00e4r uppm\u00e4rksamma p\u00e5 k\u00e4llorna d\u00e4r.<\/p>\n\n\n\n<figure class=\"wp-block-image aligncenter\"><img data-dominant-color=\"edeeef\" data-has-transparency=\"false\" style=\"--dominant-color: #edeeef;\" decoding=\"async\" sizes=\"(max-width: 292px) 100vw, 292px\" src=\"https:\/\/alpha.pewresearch.org\/pewresearch-org\/global\/wp-content\/uploads\/sites\/2\/2018\/11\/PJ_18.04.16_MediaPolitics_FactSheet_SocialMediaAttention_Sweden-translated.png\" alt=\"En liten del av de svenskar som f\u00e5r tillg\u00e5ng till nyheter via sociala medier \u00e4r inte uppm\u00e4rksamma p\u00e5 k\u00e4llorna d\u00e4r\" class=\"wp-image-43060 not-transparent\"\/><\/figure>\n\n\n\n<p class=\"wp-block-paragraph\"><\/p>\n\n\n\n<h2 data-is-section=\"true\" data-wp-context=\"{&quot;id&quot;:&quot;ta-reda-pa-mer&quot;}\" data-wp-interactive=\"{&quot;namespace&quot;:&quot;prc-block\\\/table-of-contents&quot;}\" class=\"wp-block-heading\" id=\"ta-reda-pa-mer\">Ta reda p\u00e5 mer<\/h2>\n\n\n\n<p class=\"wp-block-paragraph\">Den h\u00e4r texten har \u00f6versatts fr\u00e5n engelska till svenska.<\/p>\n\n\n\n<p class=\"wp-block-paragraph\"><a href=\"https:\/\/alpha.pewresearch.org\/pewresearch-org\/journalism\/2018\/05\/16\/allmanhetens-installning-till-nyhetsmedia-i-vasteuropa-mer-uppdelad-efter-populistiska-asikter-an-vanster-hoger-ideologier\/\">En sammanfattning av resultatet<\/a> fr\u00e5n den fullst\u00e4ndiga rapporten finns tillg\u00e4nglig online p\u00e5 svenska. Den <a href=\"https:\/\/alpha.pewresearch.org\/pewresearch-org\/journalism\/2018\/05\/14\/in-western-europe-public-attitudes-toward-news-media-more-divided-by-populist-views-than-left-right-ideology\/\">fullst\u00e4ndiga rapporten<\/a> och <a href=\"https:\/\/alpha.pewresearch.org\/pewresearch-org\/journalism\/2018\/05\/14\/media-western-europe-methodology\/\">metodologin<\/a> finns ocks\u00e5 tillg\u00e4ngliga online p\u00e5 engelska.<\/p>\n\n\n\n<p class=\"wp-block-paragraph\">Om du vill se den h\u00e4r informationen online p\u00e5 svenska och engelska, liksom data f\u00f6r de sju andra v\u00e4steuropeiska l\u00e4nder som ingick i unders\u00f6kningen p\u00e5 engelska och varje lands huvudsakliga spr\u00e5k, kan du g\u00e5 till: <a href=\"https:\/\/pewrsr.ch\/SwedenNewsAttitudes\">https:\/\/pewrsr.ch\/SwedenNewsAttitudes<\/a>.<\/p>\n","protected":false},"excerpt":{"rendered":"<p>H\u00e4r nedan presenteras specifika slutsatser om nyhetsvanor och inst\u00e4llningar till nyhetsmedia i Sverige. Resultatet kommer fr\u00e5n en unders\u00f6kning av Pew Research Center om nyhetsmedia och politik som genomf\u00f6rdes i \u00e5tta v\u00e4steuropeiska l\u00e4nder mellan den 30 oktober och den 20 december 2017.<\/p>\n","protected":false},"author":67,"featured_media":6446,"comment_status":"closed","ping_status":"closed","template":"","meta":{"_crdt_document":"","sub_headline":"","sub_title":"","_prc_public_revisions":[],"_ppp_expiration_hours":0,"_ppp_enabled":false,"ai_generated_summary":"","_prc_fork_parent":0,"_prc_fork_status":"","_prc_active_fork":0,"datacite_doi":"","datacite_doi_citation":"","_prc_seo_qr_attachment_id":0,"footnotes":""},"categories":[],"bylines":[],"collection":[2398],"datasets":[],"_post_visibility":[],"formats":[464],"_fund_pool":[],"languages":[],"regions-countries":[],"research-teams":[525],"class_list":["post-5919","fact-sheet","type-fact-sheet","status-publish","has-post-thumbnail","hentry","collection-news-media-and-political-attitudes-in-western-europe","formats-fact-sheet","research-teams-global"],"label":false,"post_parent":0,"word_count":1274,"canonical_url":"https:\/\/alpha.pewresearch.org\/pewresearch-org\/global\/fact-sheet\/faktablad-attityder-kring-nyhetsmedia-och-politik-i-sverige\/","art_direction":{"A1":{"id":6446,"rawUrl":"https:\/\/alpha.pewresearch.org\/pewresearch-org\/wp-content\/uploads\/sites\/20\/2018\/05\/PJ_18.04.16_MediaPolitics_FactSheet_FeaturedImages_Sweden.png","url":"https:\/\/alpha.pewresearch.org\/pewresearch-org\/wp-content\/uploads\/sites\/20\/2018\/05\/PJ_18.04.16_MediaPolitics_FactSheet_FeaturedImages_Sweden.png?w=564&h=317&crop=1","width":564,"height":317,"chartArt":false},"A2":{"id":6446,"rawUrl":"https:\/\/alpha.pewresearch.org\/pewresearch-org\/wp-content\/uploads\/sites\/20\/2018\/05\/PJ_18.04.16_MediaPolitics_FactSheet_FeaturedImages_Sweden.png","url":"https:\/\/alpha.pewresearch.org\/pewresearch-org\/wp-content\/uploads\/sites\/20\/2018\/05\/PJ_18.04.16_MediaPolitics_FactSheet_FeaturedImages_Sweden.png?w=268&h=151&crop=1","width":268,"height":151,"chartArt":false},"A3":{"id":6446,"rawUrl":"https:\/\/alpha.pewresearch.org\/pewresearch-org\/wp-content\/uploads\/sites\/20\/2018\/05\/PJ_18.04.16_MediaPolitics_FactSheet_FeaturedImages_Sweden.png","url":"https:\/\/alpha.pewresearch.org\/pewresearch-org\/wp-content\/uploads\/sites\/20\/2018\/05\/PJ_18.04.16_MediaPolitics_FactSheet_FeaturedImages_Sweden.png?w=194&h=110&crop=1","width":194,"height":110,"chartArt":false},"A4":{"id":6446,"rawUrl":"https:\/\/alpha.pewresearch.org\/pewresearch-org\/wp-content\/uploads\/sites\/20\/2018\/05\/PJ_18.04.16_MediaPolitics_FactSheet_FeaturedImages_Sweden.png","url":"https:\/\/alpha.pewresearch.org\/pewresearch-org\/wp-content\/uploads\/sites\/20\/2018\/05\/PJ_18.04.16_MediaPolitics_FactSheet_FeaturedImages_Sweden.png?w=268&h=151&crop=1","width":268,"height":151,"chartArt":false},"XL":{"id":6446,"rawUrl":"https:\/\/alpha.pewresearch.org\/pewresearch-org\/wp-content\/uploads\/sites\/20\/2018\/05\/PJ_18.04.16_MediaPolitics_FactSheet_FeaturedImages_Sweden.png","url":"https:\/\/alpha.pewresearch.org\/pewresearch-org\/wp-content\/uploads\/sites\/20\/2018\/05\/PJ_18.04.16_MediaPolitics_FactSheet_FeaturedImages_Sweden.png?w=640&h=320&crop=1","width":640,"height":320,"chartArt":false},"social":{"id":6446,"rawUrl":"https:\/\/alpha.pewresearch.org\/pewresearch-org\/wp-content\/uploads\/sites\/20\/2018\/05\/PJ_18.04.16_MediaPolitics_FactSheet_FeaturedImages_Sweden.png","url":"https:\/\/alpha.pewresearch.org\/pewresearch-org\/wp-content\/uploads\/sites\/20\/2018\/05\/PJ_18.04.16_MediaPolitics_FactSheet_FeaturedImages_Sweden.png?w=640&h=320&crop=1","width":640,"height":320,"chartArt":false}},"_embeds":[],"table_of_contents":[],"datacite_doi":"","prc_seo_data":{"title":"Faktablad: Attityder kring nyhetsmedia och politik i Sverige","description":"H\u00e4r nedan presenteras specifika slutsatser om nyhetsvanor och inst\u00e4llningar till nyhetsmedia i Sverige. Resultatet kommer fr\u00e5n en unders\u00f6kning av Pew Research Center om nyhetsmedia och politik som genomf\u00f6rdes i \u00e5tta v\u00e4steuropeiska l\u00e4nder mellan den 30 oktober och den 20 december 2017.","og_title":"Faktablad: Attityder kring nyhetsmedia och politik i Sverige","og_description":"H\u00e4r nedan presenteras specifika slutsatser om nyhetsvanor och inst\u00e4llningar till nyhetsmedia i Sverige. Resultatet kommer fr\u00e5n en unders\u00f6kning av Pew Research Center om nyhetsmedia och politik som genomf\u00f6rdes i \u00e5tta v\u00e4steuropeiska l\u00e4nder mellan den 30 oktober och den 20 december 2017.","schema_type":"Article","noindex":false,"canonical_url":"","primary_terms":{"formats":464,"collection":2398},"custom_schema":[],"og_image":6446,"indexnow_submitted_at":null,"gsc_index_status":null},"prepublish_checks":{},"jetpack_sharing_enabled":true,"bylinesOrdered":[],"acknowledgementsOrdered":[],"_links":{"self":[{"href":"https:\/\/alpha.pewresearch.org\/pewresearch-org\/wp-json\/wp\/v2\/fact-sheet\/5919","targetHints":{"allow":["GET"]}}],"collection":[{"href":"https:\/\/alpha.pewresearch.org\/pewresearch-org\/wp-json\/wp\/v2\/fact-sheet"}],"about":[{"href":"https:\/\/alpha.pewresearch.org\/pewresearch-org\/wp-json\/wp\/v2\/types\/fact-sheet"}],"author":[{"embeddable":true,"href":"https:\/\/alpha.pewresearch.org\/pewresearch-org\/wp-json\/wp\/v2\/users\/67"}],"replies":[{"embeddable":true,"href":"https:\/\/alpha.pewresearch.org\/pewresearch-org\/wp-json\/wp\/v2\/comments?post=5919"}],"version-history":[{"count":5,"href":"https:\/\/alpha.pewresearch.org\/pewresearch-org\/wp-json\/wp\/v2\/fact-sheet\/5919\/revisions"}],"predecessor-version":[{"id":187054,"href":"https:\/\/alpha.pewresearch.org\/pewresearch-org\/wp-json\/wp\/v2\/fact-sheet\/5919\/revisions\/187054"}],"wp:featuredmedia":[{"embeddable":true,"href":"https:\/\/alpha.pewresearch.org\/pewresearch-org\/wp-json\/wp\/v2\/media\/6446"}],"wp:attachment":[{"href":"https:\/\/alpha.pewresearch.org\/pewresearch-org\/wp-json\/wp\/v2\/media?parent=5919"}],"wp:term":[{"taxonomy":"category","embeddable":true,"href":"https:\/\/alpha.pewresearch.org\/pewresearch-org\/wp-json\/wp\/v2\/categories?post=5919"},{"taxonomy":"bylines","embeddable":true,"href":"https:\/\/alpha.pewresearch.org\/pewresearch-org\/wp-json\/wp\/v2\/bylines?post=5919"},{"taxonomy":"collection","embeddable":true,"href":"https:\/\/alpha.pewresearch.org\/pewresearch-org\/wp-json\/wp\/v2\/collection?post=5919"},{"taxonomy":"datasets","embeddable":true,"href":"https:\/\/alpha.pewresearch.org\/pewresearch-org\/wp-json\/wp\/v2\/datasets?post=5919"},{"taxonomy":"_post_visibility","embeddable":true,"href":"https:\/\/alpha.pewresearch.org\/pewresearch-org\/wp-json\/wp\/v2\/_post_visibility?post=5919"},{"taxonomy":"formats","embeddable":true,"href":"https:\/\/alpha.pewresearch.org\/pewresearch-org\/wp-json\/wp\/v2\/formats?post=5919"},{"taxonomy":"_fund_pool","embeddable":true,"href":"https:\/\/alpha.pewresearch.org\/pewresearch-org\/wp-json\/wp\/v2\/_fund_pool?post=5919"},{"taxonomy":"languages","embeddable":true,"href":"https:\/\/alpha.pewresearch.org\/pewresearch-org\/wp-json\/wp\/v2\/languages?post=5919"},{"taxonomy":"regions-countries","embeddable":true,"href":"https:\/\/alpha.pewresearch.org\/pewresearch-org\/wp-json\/wp\/v2\/regions-countries?post=5919"},{"taxonomy":"research-teams","embeddable":true,"href":"https:\/\/alpha.pewresearch.org\/pewresearch-org\/wp-json\/wp\/v2\/research-teams?post=5919"}],"curies":[{"name":"wp","href":"https:\/\/api.w.org\/{rel}","templated":true}]}}